{"id":195,"date":"2022-08-04T11:32:35","date_gmt":"2022-08-04T09:32:35","guid":{"rendered":"https:\/\/www.gistitalia.org\/?page_id=195"},"modified":"2022-09-19T12:17:33","modified_gmt":"2022-09-19T10:17:33","slug":"gabriele-bo","status":"publish","type":"page","link":"https:\/\/www.gistitalia.org\/?page_id=195","title":{"rendered":"GABRIELE BO"},"content":{"rendered":"\n<div class=\"wp-block-media-text alignwide is-stacked-on-mobile\" style=\"grid-template-columns:27% auto\"><figure class=\"wp-block-media-text__media\"><img decoding=\"async\" loading=\"lazy\" width=\"302\" height=\"461\" src=\"https:\/\/www.gistitalia.org\/wp-content\/uploads\/2022\/08\/bo_ico.png\" alt=\"\" class=\"wp-image-504 size-full\" srcset=\"https:\/\/www.gistitalia.org\/wp-content\/uploads\/2022\/08\/bo_ico.png 302w, https:\/\/www.gistitalia.org\/wp-content\/uploads\/2022\/08\/bo_ico-197x300.png 197w\" sizes=\"(max-width: 302px) 100vw, 302px\" \/><\/figure><div class=\"wp-block-media-text__content\">\n<p><br><br><em>Regioni sedi operative<\/em><br><strong>Liguria<\/strong><br><br><em>Specializzazione<\/em><br><strong>Medico Estetico<\/strong><br><br><em>Trattamenti<\/em><br><strong><strong>Chirurgia Estetica, Medicina Estetica<\/strong><\/strong><\/p>\n<\/div><\/div>\n\n\n\n<hr class=\"wp-block-separator has-text-color has-alpha-channel-opacity has-background is-style-wide\" style=\"background-color:#002a48;color:#002a48\"\/>\n\n\n\n<p>Sono nato a Genova il 31-12-1986, nella mia citt\u00e0 mi sono laureato in Medicina e Chirurgia per proseguire poi la mia formazione specialistica in<strong> Medicina Estetica<\/strong> presso l\u2019 Agor\u00e0 di Milano. Mi tengo aggiornato presso i <strong>congressi nazionali ed internazionali<\/strong> delle societ\u00e0 scientifiche pi\u00f9 prestigiose in modo da poter proporre ai miei pazienti i <strong>protocolli terapeutici pi\u00f9 innovativi<\/strong>.<br>Sono socio della <strong>Societ\u00e0 Medicina Estetica Agor\u00e0 Milano<\/strong> e sono membro del <strong>GIST<\/strong>, <strong>gruppo italiano di studi sulle tecnologie<\/strong>.<br><br>Il mio obiettivo professionale \u00e8 quello di affrontare eventuali disarmonie o pi\u00f9 semplicemente addolcire il <strong>processo di invecchiamento<\/strong>, valorizzando e prendendomi cura del benessere psicofisico dei miei pazienti.<br>In quest\u2019ottica si inserisce la definizione di <strong>Medicina Estetica Moderna<\/strong>:<br>\u201cla salute non \u00e8 la semplice assenza di malattia ma un completo benessere fisico, psichico e sociale\u201d Organizzazione Mondiale della Sanit\u00e0.<\/p>\n\n\n\n<p class=\"has-small-font-size\"><br><br><br><br>contatti del nostro professionista<\/p>\n\n\n\n<hr class=\"wp-block-separator has-text-color has-alpha-channel-opacity has-background is-style-wide\" style=\"background-color:#002a48;color:#002a48\"\/>\n\n\n<div class=\"wp-block-image\">\n<figure class=\"alignleft size-full is-resized\"><a href=\"https:\/\/www.instagram.com\/dr_gabrielebo\/\" target=\"_blank\" rel=\"noreferrer noopener\"><img decoding=\"async\" loading=\"lazy\" src=\"https:\/\/www.gistitalia.org\/wp-content\/uploads\/2022\/08\/ig.png\" alt=\"\" class=\"wp-image-127\" width=\"148\" height=\"42\"\/><\/a><\/figure><\/div>\n\n<div class=\"wp-block-image\">\n<figure class=\"alignleft size-full\"><a href=\"http:\/\/www.gabrielebo.it\/\" target=\"_blank\" rel=\"noreferrer noopener\"><img decoding=\"async\" loading=\"lazy\" width=\"125\" height=\"42\" src=\"https:\/\/www.gistitalia.org\/wp-content\/uploads\/2022\/08\/website.png\" alt=\"\" class=\"wp-image-128\"\/><\/a><\/figure><\/div>\n\n<div class=\"wp-block-image\">\n<figure class=\"alignleft size-full\"><a href=\"mailto:gabriele.bo@hotmail.it\" target=\"_blank\" rel=\"noreferrer noopener\"><img decoding=\"async\" loading=\"lazy\" width=\"94\" height=\"42\" src=\"https:\/\/www.gistitalia.org\/wp-content\/uploads\/2022\/08\/mail.png\" alt=\"\" class=\"wp-image-129\"\/><\/a><\/figure><\/div>\n\n\n<div style=\"height:150px\" aria-hidden=\"true\" class=\"wp-block-spacer\"><\/div>\n","protected":false},"excerpt":{"rendered":"<p>Regioni sedi operativeLiguria SpecializzazioneMedico Estetico TrattamentiChirurgia Estetica, Medicina Estetica Sono nato a Genova il 31-12-1986, nella mia citt\u00e0 mi sono laureato in Medicina e Chirurgia per proseguire poi la mia formazione specialistica in Medicina Estetica presso l\u2019 Agor\u00e0 di Milano. Mi tengo aggiornato presso i congressi nazionali ed internazionali delle societ\u00e0 scientifiche pi\u00f9 prestigiose in &hellip; <\/p>\n<p class=\"link-more\"><a href=\"https:\/\/www.gistitalia.org\/?page_id=195\" class=\"more-link\">Leggi tutto<span class=\"screen-reader-text\"> &#8220;GABRIELE BO&#8221;<\/span><\/a><\/p>\n","protected":false},"author":1,"featured_media":0,"parent":134,"menu_order":0,"comment_status":"closed","ping_status":"closed","template":"","meta":[],"_links":{"self":[{"href":"https:\/\/www.gistitalia.org\/index.php?rest_route=\/wp\/v2\/pages\/195"}],"collection":[{"href":"https:\/\/www.gistitalia.org\/index.php?rest_route=\/wp\/v2\/pages"}],"about":[{"href":"https:\/\/www.gistitalia.org\/index.php?rest_route=\/wp\/v2\/types\/page"}],"author":[{"embeddable":true,"href":"https:\/\/www.gistitalia.org\/index.php?rest_route=\/wp\/v2\/users\/1"}],"replies":[{"embeddable":true,"href":"https:\/\/www.gistitalia.org\/index.php?rest_route=%2Fwp%2Fv2%2Fcomments&post=195"}],"version-history":[{"count":9,"href":"https:\/\/www.gistitalia.org\/index.php?rest_route=\/wp\/v2\/pages\/195\/revisions"}],"predecessor-version":[{"id":683,"href":"https:\/\/www.gistitalia.org\/index.php?rest_route=\/wp\/v2\/pages\/195\/revisions\/683"}],"up":[{"embeddable":true,"href":"https:\/\/www.gistitalia.org\/index.php?rest_route=\/wp\/v2\/pages\/134"}],"wp:attachment":[{"href":"https:\/\/www.gistitalia.org\/index.php?rest_route=%2Fwp%2Fv2%2Fmedia&parent=195"}],"curies":[{"name":"wp","href":"https:\/\/api.w.org\/{rel}","templated":true}]}}