{"id":840,"date":"2023-10-16T20:25:31","date_gmt":"2023-10-16T18:25:31","guid":{"rendered":"https:\/\/www.gistitalia.org\/?page_id=840"},"modified":"2023-10-16T20:25:42","modified_gmt":"2023-10-16T18:25:42","slug":"2-congresso-nazionale-gist","status":"publish","type":"page","link":"https:\/\/www.gistitalia.org\/?page_id=840","title":{"rendered":"2\u00b0 Congresso Nazionale GIST"},"content":{"rendered":"\n<p class=\"has-medium-font-size\"><img decoding=\"async\" loading=\"lazy\" width=\"768\" height=\"355\" class=\"wp-image-841\" style=\"width: 1000px;\" src=\"https:\/\/www.gistitalia.org\/wp-content\/uploads\/2023\/10\/2014_b.jpg\" alt=\"\" srcset=\"https:\/\/www.gistitalia.org\/wp-content\/uploads\/2023\/10\/2014_b.jpg 768w, https:\/\/www.gistitalia.org\/wp-content\/uploads\/2023\/10\/2014_b-300x139.jpg 300w\" sizes=\"(max-width: 767px) 89vw, (max-width: 1000px) 54vw, (max-width: 1071px) 543px, 580px\" \/><br><strong>GENOVA<\/strong> | <strong>25 Ottobre  2014<\/strong> c\/o <strong>AC Hotel<\/strong><\/p>\n\n\n\n<span align=\"justify\"><p class=\"has-small-font-size\">Tema del Congresso sar\u00e0 la <strong>Sfida contro il Tempo<\/strong>, che ogni giorno spinge i <strong>Medici Estetici <\/strong>a sviluppare<strong> terapie sempre pi\u00f9 innovative<\/strong>.<br>Si tratta quindi di un secondo appuntamento multidisciplinare che ha l&#8217;obiettivo di coinvolgere tutte le figure professionali (medici e paramedici) interessati al mondo del benessere.<\/p>\n\n\n\n<hr class=\"wp-block-separator has-text-color has-alpha-channel-opacity has-background is-style-dots\" style=\"background-color:#c4bbb6;color:#c4bbb6\"\/>\n\n\n\n<span align=\"justify\"><p>Il GIST torna al CISEF di Genova per la seconda edizione del Congresso Nazionale iniziato questa mattina alle 9.30 con un intervento del dott. <strong>Emilio Tiziano Maura<\/strong> sugli aspetti <strong>psicologici<\/strong> e <strong>sociali dell\u2019invecchiamento<\/strong> e proseguir\u00e0 tutta la giornata con interessanti interventi sul tema <em>\u201cLa medicina estetica nel terzo millennio: innovazione e competenza nella sfida contro il tempo<\/em>\u201d.<\/p>\n\n\n\n<span align=\"justify\"><p><em>&#8220;Questa seconda edizione nasce sulla scia del successo e della partecipazione di quello dello scorso anno e, proprio per questo abbiamo scelto di riproporlo qui al CISAF di Genova&#8221;<\/em> spiega la<strong> dott.ssa <strong>Tiziana<\/strong><\/strong> <strong>Lazzari<\/strong>, organizzatrice dell\u2019evento.<\/p>\n\n\n\n<div class=\"wp-block-media-text alignwide is-stacked-on-mobile\" style=\"grid-template-columns:40% auto\"><figure class=\"wp-block-media-text__media\"><img decoding=\"async\" loading=\"lazy\" width=\"425\" height=\"400\" src=\"https:\/\/www.gistitalia.org\/wp-content\/uploads\/2023\/10\/2014_c.jpg\" alt=\"\" class=\"wp-image-842 size-full\" srcset=\"https:\/\/www.gistitalia.org\/wp-content\/uploads\/2023\/10\/2014_c.jpg 425w, https:\/\/www.gistitalia.org\/wp-content\/uploads\/2023\/10\/2014_c-300x282.jpg 300w\" sizes=\"(max-width: 425px) 100vw, 425px\" \/><\/figure><div class=\"wp-block-media-text__content\">\n<span align=\"justify\"><p>Grande successo a questo proposito per il corso tenuto dal <strong>dott. Bovani<\/strong> nella giornata di ieri 24 ottobre su \u201c<strong>La gestione di un ambulatorio di Medicina Estetica<\/strong>\u201d dal punto di vista del marketing e del management medico nella concezione di una professione che si evolve al passo con i tempi, le n<strong>uove tecnologie<\/strong> e i <strong>mezzi di comunicazione<\/strong>.<br>Ma il Congresso non \u00e8 solo un momento di <strong>condivisione<\/strong> di metodiche e riflessioni sulla medicina estetica, ma anche un <strong>momento di formazione <\/strong>per i partecipanti.<\/p>\n<\/div><\/div>\n\n\n\n<span align=\"justify\"><p>Un congresso multidisciplinare quindi come ci conferma sempre la <strong>dott.ssa Lazzari<\/strong>:<br><em>&#8220;La multidisciplinarit\u00e0 si riconferma una <strong>linea vincente <\/strong>perch\u00e9, se la medicina estetica deve essere finalizzata a <strong>ottenere il benessere psico-fisico globale del paziente<\/strong>, \u00e8 necessario che <strong>coinvolgere pi\u00f9 attivit\u00e0 specialistiche<\/strong>.&#8221;<\/em><\/p>\n\n\n\n<figure class=\"wp-block-image size-full\"><img decoding=\"async\" loading=\"lazy\" width=\"768\" height=\"415\" src=\"https:\/\/www.gistitalia.org\/wp-content\/uploads\/2023\/10\/2014_d.jpg\" alt=\"\" class=\"wp-image-843\" srcset=\"https:\/\/www.gistitalia.org\/wp-content\/uploads\/2023\/10\/2014_d.jpg 768w, https:\/\/www.gistitalia.org\/wp-content\/uploads\/2023\/10\/2014_d-300x162.jpg 300w\" sizes=\"(max-width: 767px) 89vw, (max-width: 1000px) 54vw, (max-width: 1071px) 543px, 580px\" \/><\/figure>\n\n\n\n<p>La medicina estetica quindi si pone al centro di un<strong> interesse sempre crescente<\/strong> anche da parte di non specialisti.<br><br><em>&#8220;Questo interesse anche da parte di non specialisti \u00e8 molto importante perch\u00e9 pi\u00f9 <strong>medici informati esistono<\/strong>, pi\u00f9 la nostra disciplina potr\u00e0 avere un <strong>riconoscimento ufficiale<\/strong> come atto medico finalizzato al <strong>mantenimento dei tessuti<\/strong> e a <strong>contrastare il processo di invecchiamento<\/strong>.<\/em><br><br><em>Sono felice che anche quest\u2019anno il nostro <strong>Congresso annuale<\/strong> sia stato inserito nel programma del <strong>Festival della Scienza<\/strong>. Intimamente legato alla citt\u00e0 di Genova e alla regione Liguria, il Festival \u00e8 una manifestazione con un <strong>intrinseco carattere internazionale<\/strong> e rappresenta un <strong>punto di riferimento per la divulgazione della scienza<\/strong>.<br>La <strong>scelta di dedicare l\u2019edizione 2014 al Tempo<\/strong> risulta particolarmente <strong>attuale <\/strong>e <strong>stimolante<\/strong> perch\u00e9 <strong>nella scienza<\/strong> questo \u00e8 uno dei <strong>punti centrali<\/strong> ma lo \u00e8 anche nell\u2019<strong>arte<\/strong>, nella <strong>musica<\/strong> e perch\u00e9 no nella<strong> nostra specialit\u00e0 medica<\/strong>. Infatti \u00e8 proprio la sfida contro il tempo che ogni giorno spinge medici e chirurghi a<strong> sviluppare terapie<\/strong> e <strong>tecniche sempre pi\u00f9 innovative<\/strong>&#8221; <\/em>prosegue la <strong>dott.ssa Lazzari<\/strong><\/p>\n\n\n\n<figure class=\"wp-block-image size-full\"><img decoding=\"async\" loading=\"lazy\" width=\"768\" height=\"246\" src=\"https:\/\/www.gistitalia.org\/wp-content\/uploads\/2023\/10\/2014_e.jpg\" alt=\"\" class=\"wp-image-844\" srcset=\"https:\/\/www.gistitalia.org\/wp-content\/uploads\/2023\/10\/2014_e.jpg 768w, https:\/\/www.gistitalia.org\/wp-content\/uploads\/2023\/10\/2014_e-300x96.jpg 300w\" sizes=\"(max-width: 767px) 89vw, (max-width: 1000px) 54vw, (max-width: 1071px) 543px, 580px\" \/><\/figure>\n\n\n\n<p>Il <strong>GIST<\/strong> riunito al <strong>CISEF di Genova<\/strong> per il congresso nazionale \u201c<strong>La medicina estetica nel terzo millennio: innovazione e competenza nella sfida contro il tempo<\/strong>\u201d. Al centro dei lavori la multidisciplinarit\u00e0 e una concezione della bellezza a \u201ctutto tondo\u201d che vada ad intervenire sul benessere generale del paziente che deve essere sempre al primo posto. A presiedere il convegno la dott.ssa <strong>Tiziana Lazzari<\/strong> che si \u00e8 dichiarata molto soddisfatta sia per la riuscita del convegno e la gran- de partecipazione dei medici, sia per la partecipazione delle aziende che hanno sostenuto l\u2019evento e <strong>continuano a dimostrare interesse verso il lavoro di ricerca svolto quotidianamente dai soci GIST<\/strong>.<br><br>Di grande interesse anche il <strong>corso di Marketing e Management medico<\/strong> tenuto dal dott. <strong>Bruno Bovani<\/strong>, dal titolo \u201c<strong>La gestione di un ambulatorio di medicina estetica<\/strong>\u201d, seguito con grande partecipazione dai soci presenti e che ha puntato l\u2019attenzione sull\u2019importanza del marketing e della comunicazione anche e soprattutto in un settore come quello della medicina estetica.<br><br>L\u2019evento si \u00e8 poi concluso nella giornata di domenica con un <strong>corso teorico pratico<\/strong> sui <strong>Filler <\/strong>dedicato ai medici interessati non solo a<strong> migliorarsi in questo trattamento<\/strong> sempre pi\u00f9 richiesto, ma anche intenzionati a comunicarlo al meglio ai propri pazienti.<br><br>Anche il <strong>presidente dell\u2019associazione<\/strong>, il dott. <strong>Bruno Bovani<\/strong>, parte del comitato scientifico insieme alla dott.ssa <strong>Rossana Castellana<\/strong>, <strong>Tiziana Lazzari<\/strong>, <strong>Patrizia Matano<\/strong> e ai dottori <strong>Enis Agolli<\/strong>, <strong>Alessandro Casadeie<\/strong>, <strong>Luigi Pietro Zollino<\/strong>, si \u00e8 dimostrato soddisfatto per quello che si \u00e8 dimostrato come sempre, un <strong>importante momento di aggregazione e di confronto<\/strong> fra i medici facenti parte dell\u2019Associazione.&nbsp;<\/p>\n\n\n\n<div class=\"wp-block-media-text alignwide is-stacked-on-mobile\"><figure class=\"wp-block-media-text__media\"><a href=\"https:\/\/staging.amicabellezza.it\/wp-content\/uploads\/2022\/11\/GISTLAB_giu_2019.pdf\" target=\"_blank\" rel=\"noreferrer noopener\"><img decoding=\"async\" loading=\"lazy\" width=\"400\" height=\"560\" src=\"https:\/\/www.gistitalia.org\/wp-content\/uploads\/2023\/10\/2014_loc.jpg\" alt=\"\" class=\"wp-image-845 size-full\" srcset=\"https:\/\/www.gistitalia.org\/wp-content\/uploads\/2023\/10\/2014_loc.jpg 400w, https:\/\/www.gistitalia.org\/wp-content\/uploads\/2023\/10\/2014_loc-214x300.jpg 214w\" sizes=\"(max-width: 400px) 100vw, 400px\" \/><\/a><\/figure><div class=\"wp-block-media-text__content\">\n<p class=\"has-small-font-size\"><strong><a href=\"https:\/\/www.gistitalia.org\/wp-content\/uploads\/2023\/10\/gist_2014.pdf\" data-type=\"attachment\" data-id=\"848\">scarica il programma<\/a><\/strong><\/p>\n<\/div><\/div>\n\n\n\n<div style=\"height:200px\" aria-hidden=\"true\" class=\"wp-block-spacer\"><\/div>\n","protected":false},"excerpt":{"rendered":"<p>GENOVA | 25 Ottobre 2014 c\/o AC Hotel Tema del Congresso sar\u00e0 la Sfida contro il Tempo, che ogni giorno spinge i Medici Estetici a sviluppare terapie sempre pi\u00f9 innovative.Si tratta quindi di un secondo appuntamento multidisciplinare che ha l&#8217;obiettivo di coinvolgere tutte le figure professionali (medici e paramedici) interessati al mondo del benessere. Il &hellip; <\/p>\n<p class=\"link-more\"><a href=\"https:\/\/www.gistitalia.org\/?page_id=840\" class=\"more-link\">Leggi tutto<span class=\"screen-reader-text\"> &#8220;2\u00b0 Congresso Nazionale GIST&#8221;<\/span><\/a><\/p>\n","protected":false},"author":1,"featured_media":0,"parent":792,"menu_order":0,"comment_status":"closed","ping_status":"closed","template":"","meta":[],"_links":{"self":[{"href":"https:\/\/www.gistitalia.org\/index.php?rest_route=\/wp\/v2\/pages\/840"}],"collection":[{"href":"https:\/\/www.gistitalia.org\/index.php?rest_route=\/wp\/v2\/pages"}],"about":[{"href":"https:\/\/www.gistitalia.org\/index.php?rest_route=\/wp\/v2\/types\/page"}],"author":[{"embeddable":true,"href":"https:\/\/www.gistitalia.org\/index.php?rest_route=\/wp\/v2\/users\/1"}],"replies":[{"embeddable":true,"href":"https:\/\/www.gistitalia.org\/index.php?rest_route=%2Fwp%2Fv2%2Fcomments&post=840"}],"version-history":[{"count":2,"href":"https:\/\/www.gistitalia.org\/index.php?rest_route=\/wp\/v2\/pages\/840\/revisions"}],"predecessor-version":[{"id":854,"href":"https:\/\/www.gistitalia.org\/index.php?rest_route=\/wp\/v2\/pages\/840\/revisions\/854"}],"up":[{"embeddable":true,"href":"https:\/\/www.gistitalia.org\/index.php?rest_route=\/wp\/v2\/pages\/792"}],"wp:attachment":[{"href":"https:\/\/www.gistitalia.org\/index.php?rest_route=%2Fwp%2Fv2%2Fmedia&parent=840"}],"curies":[{"name":"wp","href":"https:\/\/api.w.org\/{rel}","templated":true}]}}